{"id":640,"date":"2023-05-31T09:22:16","date_gmt":"2023-05-31T07:22:16","guid":{"rendered":"https:\/\/balkanmost.hu\/about\/"},"modified":"2023-12-13T14:50:00","modified_gmt":"2023-12-13T12:50:00","slug":"a-fesztivalrol","status":"publish","type":"page","link":"https:\/\/balkanmost.hu\/hu\/a-fesztivalrol\/","title":{"rendered":"A fesztiv\u00e1lr\u00f3l"},"content":{"rendered":"<h3><strong>Veszpr\u00e9m az Utcazene Fesztiv\u00e1lj\u00e1r\u00f3l is lett h\u00edres, \u00edgy nem meglep\u0151, ha az UNESCO Zene V\u00e1rosa c\u00edm\u00e9t is visel\u0151 v\u00e1ros t\u00e1rt karokkal fogadta a laza balk\u00e1ni zen\u00e9szeket.&nbsp;<\/strong><\/h3>\n<p><span style=\"font-weight: 400;\">Neh\u00e9z a h\u00e1rom nap forgatag\u00e1t \u00f6sszefoglalni, de az \u00f6r\u00f6mteli zene\u00fcnnep sikere minden r\u00e9sztvev\u0151 sz\u00e1m\u00e1ra egy\u00e9rtelm\u0171 volt. Veszpr\u00e9m, Eur\u00f3pa Kultur\u00e1lis F\u0151v\u00e1rosa t\u00f6rt\u00e9nelmi belv\u00e1ros\u00e1ban 3 napon kereszt\u00fcl t\u00f6bb mint 7000 l\u00e1togat\u00f3 t\u00e1ncolt, \u00e9nekelt, kapcsol\u00f3dott a Balk\u00e1n soksz\u00edn\u0171 zeneis\u00e9g\u00e9hez. A Veszpr\u00e9m-Balaton 2023 Eur\u00f3pa Kultur\u00e1lis F\u0151v\u00e1rosa legfontosabb vil\u00e1gzenei programj\u00e1n&nbsp; 32 szabadt\u00e9ri koncerten egy h\u00e1romnapos konferenci\u00e1n 300 megh\u00edvott nemzetk\u00f6zi szakember \u00e9s 7500 f\u0151s k\u00f6z\u00f6ns\u00e9g fedezte fel a t\u00e9rs\u00e9g eddig ismeretlen arcait.&nbsp;<\/span><\/p>\n<p><span style=\"font-weight: 400;\">A k\u00f6zel hatvanezres v\u00e1rosban szinte minden koncerten tolongtak a n\u00e9z\u0151k, a zenei szakemberek \u00faj zenekarokat fedeztek fel \u00e9s kezdtek vel\u00fck egy\u00fcttm\u0171k\u00f6d\u00e9st, a BALKAN:MOST inspir\u00e1l\u00f3an hatott a helyi \u00e9s idel\u00e1togat\u00f3, laikus vagy szakmabeli, fiatal \u00e9s id\u0151s k\u00f6z\u00f6ns\u00e9gre egyar\u00e1nt. A r\u00e9sztvev\u0151k vegyes csoportja teljes egyet\u00e9rt\u00e9sben igazolta vissza: a BALKAN:MOST val\u00f3di h\u00eddat \u00e9p\u00edtett a r\u00e9gi\u00f3 \u00e9s Eur\u00f3pa t\u00f6bbi r\u00e9sze k\u00f6z\u00f6tt, tov\u00e1bbi kapcsol\u00f3d\u00e1soknak meg\u00e1gyazva.<\/span><\/p>\n<p><span style=\"font-weight: 400;\">H\u0171en a hagyom\u00e1nyokhoz, az Utcazene Fesztiv\u00e1l v\u00e1ros\u00e1ban a BALKAN:MOST alatt is mindent \u00e1t\u00edtatott a spontaneit\u00e1s: Daniele Sepe koncertj\u00e9n egy magyar n\u00e9pdal\u00e9nekes is csatlakozott az egyik dalhoz, Koszika csettintget\u0151s j\u00e1t\u00e9kkal nevettette a k\u00f6z\u00f6ns\u00e9get. A Dubioza t\u00f6bbgener\u00e1ci\u00f3s telth\u00e1zas bulit csin\u00e1lt, Almir Hasanbegovi\u0107 a k\u00f6z\u00f6ns\u00e9g k\u00f6z\u00e9 vetette mag\u00e1t, de az \u00e9neket nem hagyta abba. Az Oratnitza annyira felp\u00f6rgette a hallgat\u00f3s\u00e1got, hogy a koncert v\u00e9gezt\u00e9vel t\u00f6bb sz\u00e1zan t\u00e1ncoltak tov\u00e1bb &#8211; spont\u00e1n t\u00e1nch\u00e1zz\u00e1 alak\u00edtva a teret. A szombati napon Zarina Prvasevda gy\u00f6ny\u00f6r\u0171 hangja lelkekig hatolt, meg\u00e1gyazva Marina Satti \u00e9rz\u00e9ki R\u2019n\u2019B-j\u00e9nek. A szerencs\u00e9sek a forradalm\u00e1r&nbsp; headliner, Manu Chao koncertj\u00e9re is bejutottak, \u00e9s \u00edgy r\u00e9szes\u00fclhettek az exkluz\u00edv, k\u00e9t \u00e9s f\u00e9l \u00f3r\u00e1s endorfin folyamban, amit az utcazen\u00e9szb\u0151l vil\u00e1gszt\u00e1rr\u00e1 v\u00e1lt ska partiz\u00e1n vez\u00e9nyelt le. Lenhart Tapes kazett\u00e1n mixel\u0151 live act-je val\u00f3di rendhagy\u00f3 lez\u00e1r\u00e1st adott az \u00fatt\u00f6r\u0151 fesztiv\u00e1lnak.<\/span><\/p>\n<p><a class=\"btn btn-primary\" href=\"https:\/\/balkanmost.hu\/hu\/galeria\/\">K\u00e9pgal\u00e9ria<\/a><\/p>\n<p>&nbsp;<\/p>\n<h3>T\u00daL A SZTEREOT\u00cdPI\u00c1KON A BALK\u00c1N:MOST KONFERENCI\u00c1J\u00c1N<\/h3>\n<p><span style=\"font-weight: 400;\">A&nbsp; BALKAN:MOST az el\u0151ad\u00f3termekben is megmutatta a t\u00e9rs\u00e9g felfedezetlen zenei potenci\u00e1lj\u00e1t. A zenei \u00f6r\u00f6m\u00fcnnepet h\u00e1romnapos szakmai program, nagyszab\u00e1s\u00fa konferencia k\u00eds\u00e9rte, t\u00f6bb sz\u00e1z eur\u00f3pai, magyar \u00e9s balk\u00e1ni r\u00e9sztvev\u0151vel. Ez volt az els\u0151 ilyen l\u00e9pt\u00e9k\u0171 szakmai esem\u00e9ny, ami a r\u00e9gi\u00f3 szerepl\u0151inek r\u00e9szv\u00e9tel\u00e9vel egy\u00fctt j\u00e1rta k\u00f6r\u00fcl a Balk\u00e1n zeneipar\u00e1nak \u00e9get\u0151 k\u00e9rd\u00e9seit, alkalmat adva kapcsolat\u00e9p\u00edt\u00e9sre, \u00faj egy\u00fcttm\u0171k\u00f6d\u00e9sek sz\u00fclet\u00e9s\u00e9re \u00e9s \u00faj zen\u00e9k megismer\u00e9s\u00e9re. <\/span><\/p>\n<p><span style=\"font-weight: 400;\">T\u00f6bb mint 20 szakmai program, 300 r\u00e9sztvev\u0151 t\u00f6bb mint 40 orsz\u00e1gb\u00f3l. A BALKAN:MOST egy igazi h\u00edd lett a t\u00e9rs\u00e9g zenei kincsei \u00e9s az eur\u00f3pai piac k\u00f6z\u00f6tt, melyet a szakma nemzetk\u00f6zi k\u00e9pvisel\u0151ivel k\u00f6z\u00f6sen \u00e9p\u00edtett\u00fcnk. Az itt k\u00f6ttetett sz\u00f6vets\u00e9gek rem\u00e9lj\u00fck, hogy a j\u00f6v\u0151ben is megmaradnak \u00e9s a zeneipari berkeken bel\u00fcl folytat\u00f3dnak. Az egyik legnagyobb k\u00e9zzelfoghat\u00f3 eredm\u00e9ny a r\u00e9sztvev\u0151k networking h\u00e1l\u00f3zata \u00e9s szakmai delegate adatb\u00e1zisa, a BALKAN:MOST PRO.<\/span><\/p>\n<p><a class=\"btn btn-primary\" href=\"https:\/\/balkanmost.hu\/hu\/konferencia\/\">Tudj meg t\u00f6bbet<\/a><\/p>\n<p><img loading=\"lazy\" decoding=\"async\" class=\"alignnone wp-image-77 size-full\" src=\"https:\/\/balkanmost.hu\/wp-content\/uploads\/2022\/09\/placeholder2.png\" alt=\"\" width=\"730\" height=\"410\" srcset=\"https:\/\/balkanmost.hu\/wp-content\/uploads\/2022\/09\/placeholder2.png 730w, https:\/\/balkanmost.hu\/wp-content\/uploads\/2022\/09\/placeholder2-300x168.png 300w\" sizes=\"auto, (max-width: 730px) 100vw, 730px\" \/><\/p>\n<p>&nbsp;<\/p>\n","protected":false},"excerpt":{"rendered":"<p>Veszpr\u00e9m az Utcazene Fesztiv\u00e1lj\u00e1r\u00f3l is lett h\u00edres, \u00edgy nem meglep\u0151, ha az UNESCO Zene V\u00e1rosa c\u00edm\u00e9t is visel\u0151 v\u00e1ros t\u00e1rt karokkal fogadta a laza balk\u00e1ni zen\u00e9szeket.&nbsp; Neh\u00e9z a h\u00e1rom nap forgatag\u00e1t \u00f6sszefoglalni, de az \u00f6r\u00f6mteli zene\u00fcnnep sikere minden r\u00e9sztvev\u0151 sz\u00e1m\u00e1ra egy\u00e9rtelm\u0171 volt. Veszpr\u00e9m, Eur\u00f3pa Kultur\u00e1lis F\u0151v\u00e1rosa t\u00f6rt\u00e9nelmi belv\u00e1ros\u00e1ban 3 napon kereszt\u00fcl t\u00f6bb mint 7000 l\u00e1togat\u00f3 [&hellip;]<\/p>\n","protected":false},"author":1,"featured_media":511,"parent":0,"menu_order":0,"comment_status":"closed","ping_status":"closed","template":"most.php","meta":{"_acf_changed":false,"ngg_post_thumbnail":0,"footnotes":""},"class_list":["post-640","page","type-page","status-publish","has-post-thumbnail","hentry"],"acf":[],"_links":{"self":[{"href":"https:\/\/balkanmost.hu\/hu\/wp-json\/wp\/v2\/pages\/640","targetHints":{"allow":["GET"]}}],"collection":[{"href":"https:\/\/balkanmost.hu\/hu\/wp-json\/wp\/v2\/pages"}],"about":[{"href":"https:\/\/balkanmost.hu\/hu\/wp-json\/wp\/v2\/types\/page"}],"author":[{"embeddable":true,"href":"https:\/\/balkanmost.hu\/hu\/wp-json\/wp\/v2\/users\/1"}],"replies":[{"embeddable":true,"href":"https:\/\/balkanmost.hu\/hu\/wp-json\/wp\/v2\/comments?post=640"}],"version-history":[{"count":5,"href":"https:\/\/balkanmost.hu\/hu\/wp-json\/wp\/v2\/pages\/640\/revisions"}],"predecessor-version":[{"id":2145,"href":"https:\/\/balkanmost.hu\/hu\/wp-json\/wp\/v2\/pages\/640\/revisions\/2145"}],"wp:featuredmedia":[{"embeddable":true,"href":"https:\/\/balkanmost.hu\/hu\/wp-json\/wp\/v2\/media\/511"}],"wp:attachment":[{"href":"https:\/\/balkanmost.hu\/hu\/wp-json\/wp\/v2\/media?parent=640"}],"curies":[{"name":"wp","href":"https:\/\/api.w.org\/{rel}","templated":true}]}}