{"id":416,"date":"2023-05-02T07:16:42","date_gmt":"2023-05-02T05:16:42","guid":{"rendered":"https:\/\/balkanmost.hu\/?post_type=artist&#038;p=416"},"modified":"2023-08-02T15:08:05","modified_gmt":"2023-08-02T13:08:05","slug":"daniele-sepe","status":"publish","type":"artist","link":"https:\/\/balkanmost.hu\/hu\/artist\/daniele-sepe\/","title":{"rendered":"Daniele Sepe &#8211; SPIRITUS MUNDI"},"content":{"rendered":"<p><span style=\"font-weight: 300;\">A Balkan:MOST kakukktoj\u00e1sa igazi jazz reneg\u00e1d, aki N\u00e1polyb\u00f3l evezett \u00e1t nemzetk\u00f6zi vizekre, egy klasszikus karriert hagyott ott a sz\u00fcntelen k\u00eds\u00e9rletez\u00e9s, a kifinomult fuvol\u00e1t az \u00e1t\u00fct\u0151 szaxofon kedv\u00e9\u00e9rt. Sepe megr\u00f6gz\u00f6tt forradalm\u00e1r, aki v\u00e1ratlan futamokat r\u00f6gt\u00f6n\u00f6z mozgalmi dalokb\u00f3l, alb\u00e1n n\u00e9pzen\u00e9b\u0151l vagy \u00e9pp Kurt Weill kompoz\u00edci\u00f3kb\u00f3l. Veszpr\u00e9mben az \u00d3v\u00e1ros t\u00e9ren folytatja felbujt\u00f3 tev\u00e9kenys\u00e9g\u00e9t internacion\u00e1lis reperto\u00e1rral \u00e9s szerethet\u0151en olasz gesztusokkal. <\/span><\/p>\n","protected":false},"excerpt":{"rendered":"<p>A Balkan:MOST kakukktoj\u00e1sa igazi jazz reneg\u00e1d, aki N\u00e1polyb\u00f3l evezett \u00e1t nemzetk\u00f6zi vizekre, egy klasszikus karriert hagyott ott a sz\u00fcntelen k\u00eds\u00e9rletez\u00e9s, a kifinomult fuvol\u00e1t az \u00e1t\u00fct\u0151 szaxofon kedv\u00e9\u00e9rt.<\/p>\n","protected":false},"featured_media":276,"template":"","meta":{"_acf_changed":false,"ngg_post_thumbnail":0,"footnotes":""},"performer_year":[],"featured":[19],"class_list":["post-416","artist","type-artist","status-publish","has-post-thumbnail","hentry","featured-igen-hu"],"acf":[],"_links":{"self":[{"href":"https:\/\/balkanmost.hu\/hu\/wp-json\/wp\/v2\/artist\/416","targetHints":{"allow":["GET"]}}],"collection":[{"href":"https:\/\/balkanmost.hu\/hu\/wp-json\/wp\/v2\/artist"}],"about":[{"href":"https:\/\/balkanmost.hu\/hu\/wp-json\/wp\/v2\/types\/artist"}],"version-history":[{"count":5,"href":"https:\/\/balkanmost.hu\/hu\/wp-json\/wp\/v2\/artist\/416\/revisions"}],"predecessor-version":[{"id":424,"href":"https:\/\/balkanmost.hu\/hu\/wp-json\/wp\/v2\/artist\/416\/revisions\/424"}],"wp:featuredmedia":[{"embeddable":true,"href":"https:\/\/balkanmost.hu\/hu\/wp-json\/wp\/v2\/media\/276"}],"wp:attachment":[{"href":"https:\/\/balkanmost.hu\/hu\/wp-json\/wp\/v2\/media?parent=416"}],"wp:term":[{"taxonomy":"performer_year","embeddable":true,"href":"https:\/\/balkanmost.hu\/hu\/wp-json\/wp\/v2\/performer_year?post=416"},{"taxonomy":"featured","embeddable":true,"href":"https:\/\/balkanmost.hu\/hu\/wp-json\/wp\/v2\/featured?post=416"}],"curies":[{"name":"wp","href":"https:\/\/api.w.org\/{rel}","templated":true}]}}