{"id":397,"date":"2023-05-02T06:43:47","date_gmt":"2023-05-02T04:43:47","guid":{"rendered":"https:\/\/balkanmost.hu\/?post_type=artist&#038;p=397"},"modified":"2023-07-24T16:27:57","modified_gmt":"2023-07-24T14:27:57","slug":"marina-satti","status":"publish","type":"artist","link":"https:\/\/balkanmost.hu\/hu\/artist\/marina-satti\/","title":{"rendered":"Marina Satti"},"content":{"rendered":"<p><span style=\"font-weight: 300;\">A poppon nevelkedett, klasszikusan k\u00e9pzett Marina Satti zen\u00e9je olyan \u00fcd\u00edt\u0151 kever\u00e9ke a hagyom\u00e1nynak \u00e9s a kort\u00e1rs hangz\u00e1snak, ahogy ez csak egy fiatal tehets\u00e9ggel t\u00f6rt\u00e9nhet. Az \u00fajra felfedezett g\u00f6r\u00f6g \u00e9s szud\u00e1ni gy\u00f6kerek term\u00e9szetesen vegy\u00fclnek az urban R\u2019n\u2019B \u00e9s elektronikus elemekkel, \u00f6nazonos zenei identit\u00e1st felrajzolva. Satti b\u00e1rsonyos hangj\u00e1t mindig k\u00eds\u00e9ri a l\u00e1thatatlan k\u00f3rus, a balk\u00e1ni polif\u00f3nia \u00e9s az \u00e9l\u0151 \u00f6r\u00f6ks\u00e9g hangja.<\/span><\/p>\n","protected":false},"excerpt":{"rendered":"<p>A poppon nevelkedett, klasszikusan k\u00e9pzett Marina Satti zen\u00e9je olyan \u00fcd\u00edt\u0151 kever\u00e9ke a hagyom\u00e1nynak \u00e9s a kort\u00e1rs hangz\u00e1snak, ahogy ez csak egy fiatal tehets\u00e9ggel t\u00f6rt\u00e9nhet.<\/p>\n","protected":false},"featured_media":395,"template":"","meta":{"_acf_changed":false,"ngg_post_thumbnail":0,"footnotes":""},"performer_year":[],"featured":[19],"class_list":["post-397","artist","type-artist","status-publish","has-post-thumbnail","hentry","featured-igen-hu"],"acf":[],"_links":{"self":[{"href":"https:\/\/balkanmost.hu\/hu\/wp-json\/wp\/v2\/artist\/397","targetHints":{"allow":["GET"]}}],"collection":[{"href":"https:\/\/balkanmost.hu\/hu\/wp-json\/wp\/v2\/artist"}],"about":[{"href":"https:\/\/balkanmost.hu\/hu\/wp-json\/wp\/v2\/types\/artist"}],"version-history":[{"count":3,"href":"https:\/\/balkanmost.hu\/hu\/wp-json\/wp\/v2\/artist\/397\/revisions"}],"predecessor-version":[{"id":1439,"href":"https:\/\/balkanmost.hu\/hu\/wp-json\/wp\/v2\/artist\/397\/revisions\/1439"}],"wp:featuredmedia":[{"embeddable":true,"href":"https:\/\/balkanmost.hu\/hu\/wp-json\/wp\/v2\/media\/395"}],"wp:attachment":[{"href":"https:\/\/balkanmost.hu\/hu\/wp-json\/wp\/v2\/media?parent=397"}],"wp:term":[{"taxonomy":"performer_year","embeddable":true,"href":"https:\/\/balkanmost.hu\/hu\/wp-json\/wp\/v2\/performer_year?post=397"},{"taxonomy":"featured","embeddable":true,"href":"https:\/\/balkanmost.hu\/hu\/wp-json\/wp\/v2\/featured?post=397"}],"curies":[{"name":"wp","href":"https:\/\/api.w.org\/{rel}","templated":true}]}}